{"id":1674,"date":"2025-03-20T11:00:00","date_gmt":"2025-03-20T11:00:00","guid":{"rendered":"https:\/\/www.connect-smartdrive.com\/?post_type=city-service&#038;p=1674"},"modified":"2025-05-14T13:07:52","modified_gmt":"2025-05-14T13:07:52","slug":"vtc-nice-saint-raphael","status":"publish","type":"city-service","link":"https:\/\/connect-smartdrive.com\/fr\/vtc-nice-saint-raphael\/","title":{"rendered":"VTC Nice &#8211; Saint Rapha\u00ebl"},"content":{"rendered":"<section id=\"booking\" class=\"sec-a-hero sec-a-page section-dark section-pattern section-60 \">\n    <div class=\"container\">\n                <div class=\"col-1 content\">\n            <h1 class=\"title max-343\">VTC Nice &#8211; Saint Rapha\u00ebl<\/h1>\n            <div class=\"max-343\"><p>Situ\u00e9e entre Cannes et Saint-Tropez, la ville de Saint-Rapha\u00ebl est une destination de choix pour les voyageurs en qu\u00eate de soleil, de d\u00e9tente et d\u2019activit\u00e9s en bord de mer. Professionnel en d\u00e9placement, touriste venu profiter des plages de la C\u00f4te d\u2019Azur, habitant revenant d\u2019un long voyage en avion et n\u00e9cessitant un transfert fluide, notre service VTC Nice Saint Rapha\u00ebl a tout pr\u00e9vu pour que votre prise en charge soit rapide et votre attente d\u2019une courte dur\u00e9e.<\/p>\n<\/div>\n        <\/div>\n        <div class=\"col-2\">\n            <div class=\"booking-form max-343 page will-glow\">\n    <label hidden=\"\" class=\"input-hidden-lang\" data-lang=\"fr\"><\/label>\n    <div class=\"inputs\">\n                <div id=\"startPoint\" class=\"input-container input-container-text\">\n            <label>\n                <i class=\"icon s1 i-csd-startpoint\"><\/i>\n                <input type=\"text\" id=\"fromTextField\" placeholder=\"Adresse de d\u00e9part\" value=\"Nice\" class=\"pac-target-input\" autocomplete=\"off\">\n            <\/label>\n        <\/div>\n                <div id=\"swapPoints\" class=\"input-swap\">\n            <i class=\"icon s1 i-o-swap-vertical\"><\/i>\n        <\/div>\n                        <div id=\"endPoint\" class=\"input-container input-container-text\">\n            <label>\n                <i class=\"icon s1 i-csd-flag-checkered\"><\/i>\n                <input type=\"text\" id=\"toTextField\" placeholder=\"Adresse d'arriv\u00e9e\" value=\"Saint-Rapha\u00ebl\" class=\"pac-target-input\" autocomplete=\"off\">\n            <\/label>\n        <\/div>\n            <\/div>\n    <a id=\"viewPricesButton\" class=\"cta\" href=\"https:\/\/booking.connect-smartdrive.com\/fr\">Voir les prix<\/a>\n<\/div>\n\n        <\/div>\n            <\/div>\n<\/section>\n\n\n\n<section class=\"sec-c-content-columns section-pt-8 section-pb-8 section-light  section-70 \">\n    <div class=\"container\">\n                        <div class=\"row-50-50  content\">\n            <div class=\"col-1 max-311\">\n                <div class=\"headline\">\n                                            <h2 >Une offre en transport priv\u00e9 valable toute l\u2019ann\u00e9e dans les deux sens<\/h2>\n                                        <div class=\"description\"><p>En dehors des p\u00e9riodes touristiques ou pour la saison estivale, notre soci\u00e9t\u00e9 conna\u00eet les besoins qui n\u00e9cessitent des transferts en VTC sur le littoral azur\u00e9en. En tant qu\u2019a\u00e9roport international, Nice C\u00f4te d\u2019Azur est donc une porte d\u2019entr\u00e9e ou de sortie obligatoire pour les personnes se rendant en voyage \u00e0 l\u2019\u00e9tranger ou rentrant sur la ville de Saint Rapha\u00ebl.<\/p>\n<p>Connect Smart Drive se positionne dans cette perspective comme une agence de transport VTC int\u00e9ressante et hautement concurrentielle maillant le territoire des Alpes Maritimes et du Var. Vous pouvez donc r\u00e9server \u00e0 tout instant un VTC Nice Saint Rapha\u00ebl sur notre application. Un trajet de 66 kilom\u00e8tres effectu\u00e9 avec un v\u00e9hicule de haut standing tout en restant d\u00e9contract\u00e9. Il ne vous reste plus qu\u2019\u00e0 rentrer sur notre formulaire de r\u00e9servation tous les crit\u00e8res opportuns pour que votre course soit valid\u00e9e.<\/p>\n<\/div>\n                <\/div>\n                                <div class=\"buttons\">\n                                            <a href=\"#booking\" class=\"cta\">R\u00e9server mon transfert vers Saint Rapha\u00ebl<\/a>\n                                                        <\/div>\n                            <\/div>\n            <div class=\"col-2 max-343\">\n                                                    <img class=\"null\" alt=\"Airport Transfer with Connect Smart Drive\" \n                        width=\"992\"\n                        height=\"1100\"\n                        srcset=\"https:\/\/connect-smartdrive.com\/app\/uploads\/2024\/05\/connect-smart-drive-transfert-aeroport-768x852.webp 768w, https:\/\/connect-smartdrive.com\/app\/uploads\/2024\/05\/connect-smart-drive-transfert-aeroport-172x191.webp 172w, https:\/\/connect-smartdrive.com\/app\/uploads\/2024\/05\/connect-smart-drive-transfert-aeroport-343x380.webp 343w, https:\/\/connect-smartdrive.com\/app\/uploads\/2024\/05\/connect-smart-drive-transfert-aeroport-480x532.webp 480w, https:\/\/connect-smartdrive.com\/app\/uploads\/2024\/05\/connect-smart-drive-transfert-aeroport.webp 992w\" \n                        sizes=\"(max-width: 768px) 100vw, \n                            50vw\">\n                            <\/div>\n        <\/div>\n            <\/div>\n    <\/section>\n\n\n\n<section class=\"sec-c-content-columns section-pt-8 section-pb-8 section-pink section-60 \">\n    <div class=\"container\">\n                        <div class=\"row-50-50  content\">\n            <div class=\"col-1 max-311\">\n                <div class=\"headline\">\n                                            <h2 class=\"h1\" >R\u00e9servez en obtenant notre application<\/h2>\n                                        <div class=\"description\"><p>Avec l\u2019application Connect Smart Drive, r\u00e9server un VTC \u00e0 Nice n\u2019a jamais \u00e9t\u00e9 aussi simple. En quelques clics, vous pouvez organiser vos d\u00e9placements, s\u00e9lectionner le v\u00e9hicule qui r\u00e9pond le mieux \u00e0 vos besoins et recevoir une confirmation imm\u00e9diate de votre r\u00e9servation. De plus, nos services flexibles vous offrent la possibilit\u00e9 d\u2019ajuster votre trajet \u00e0 tout moment.<\/p>\n<\/div>\n                <\/div>\n                                <div class=\"buttons\">\n                                            <a href=\"#modal-app\" class=\"cta\">Obtenir l&rsquo;application<\/a>\n                                                        <\/div>\n                            <\/div>\n            <div class=\"col-2 max-343\">\n                                                    <img class=\"null\" alt=\"Book a Private Driver with Connect Smart Drive\" \n                        width=\"890\"\n                        height=\"902\"\n                        srcset=\"https:\/\/connect-smartdrive.com\/app\/uploads\/2024\/05\/connect-smart-drive-services-vtc-prives-768x778.webp 768w, https:\/\/connect-smartdrive.com\/app\/uploads\/2024\/05\/connect-smart-drive-services-vtc-prives-172x174.webp 172w, https:\/\/connect-smartdrive.com\/app\/uploads\/2024\/05\/connect-smart-drive-services-vtc-prives-343x348.webp 343w, https:\/\/connect-smartdrive.com\/app\/uploads\/2024\/05\/connect-smart-drive-services-vtc-prives-480x486.webp 480w, https:\/\/connect-smartdrive.com\/app\/uploads\/2024\/05\/connect-smart-drive-services-vtc-prives.webp 890w\" \n                        sizes=\"(max-width: 768px) 100vw, \n                            50vw\">\n                            <\/div>\n        <\/div>\n            <\/div>\n    <\/section>\n\n\n\n<section class=\"sec-c-content-columns section-pt-8 section-pb-8 section-grey  section-70 \">\n    <div class=\"container\">\n                        <div class=\"row-50-50  content\">\n            <div class=\"col-1 max-311\">\n                <div class=\"headline\">\n                                            <h2 >Un service haut de gamme pour venir \u00e0 Saint Rapha\u00ebl en \u00e9t\u00e9<\/h2>\n                                        <div class=\"description\"><p>La C\u00f4te d\u2019Azur reste l\u2019une des destinations les plus pris\u00e9es durant la p\u00e9riode d\u2019\u00e9t\u00e9 en Europe. Temps ensoleill\u00e9, temp\u00e9rature agr\u00e9able et mer turquoise offrent un d\u00e9cor plaisant pour les touristes attir\u00e9s par ce d\u00e9cor. La ville de Saint Rapha\u00ebl devient donc une station baln\u00e9aire tendance o\u00f9 les voyageurs s\u2019empressent de venir en avion gr\u00e2ce aux tarifs attractifs propos\u00e9s par les compagnies a\u00e9riennes depuis l\u2019a\u00e9roport de Nice. Pour ceux qui pr\u00e9f\u00e8rent un transfert en toute tranquillit\u00e9 au lieu de passer leur temps au c\u0153ur de gares bond\u00e9es, le transfert VTC Nice Saint Rapha\u00ebl reste le moyen de locomotion recommandable pour rejoindre votre destination de vacances pr\u00e9f\u00e9r\u00e9e.<\/p>\n<\/div>\n                <\/div>\n                            <\/div>\n            <div class=\"col-2 max-343\">\n                                                    <img class=\"null\" alt=\"Une plage du sud de Villefranche sur Mer\" \n                        width=\"992\"\n                        height=\"1323\"\n                        srcset=\"https:\/\/connect-smartdrive.com\/app\/uploads\/2025\/03\/plage-sud-france-villefranche-sur-mer-768x1024.webp 768w, https:\/\/connect-smartdrive.com\/app\/uploads\/2025\/03\/plage-sud-france-villefranche-sur-mer-172x229.webp 172w, https:\/\/connect-smartdrive.com\/app\/uploads\/2025\/03\/plage-sud-france-villefranche-sur-mer-343x457.webp 343w, https:\/\/connect-smartdrive.com\/app\/uploads\/2025\/03\/plage-sud-france-villefranche-sur-mer-480x640.webp 480w, https:\/\/connect-smartdrive.com\/app\/uploads\/2025\/03\/plage-sud-france-villefranche-sur-mer.webp 992w\" \n                        sizes=\"(max-width: 768px) 100vw, \n                            50vw\">\n                            <\/div>\n        <\/div>\n            <\/div>\n    <\/section>\n\n\n\n<section class=\"sec-c-content-columns section-pt-8 section-pb-8 section-grey  section-70 section-reverse \">\n    <div class=\"container\">\n                        <div class=\"row-50-50  content\">\n            <div class=\"col-1 max-311\">\n                <div class=\"headline\">\n                                        <div class=\"description\"><p><strong>Vous pouvez donc nous solliciter pour ce trajet ou la ville voisine de Fr\u00e9jus.<\/strong> Pensez \u00e0 r\u00e9server \u00e0 l\u2019avance pour que le prix de votre trajet reste attractif tout en choisissant le v\u00e9hicule ad\u00e9quat.<\/p>\n<ul>\n<li><strong>Confort et ponctualit\u00e9<\/strong> : Nos v\u00e9hicules sont \u00e9quip\u00e9s pour garantir un maximum de confort. Nos chauffeurs professionnels assurent une prise en charge rapide et efficace.<\/li>\n<li><strong>Service sur mesure<\/strong> : Que vous soyez seul, en couple, en famille ou en groupe, nous adaptons nos prestations en fonction du nombre de passagers et de vos besoins sp\u00e9cifiques.<\/li>\n<li><strong>Transfert domicile-h\u00f4tel ou entreprise<\/strong> : Nous assurons vos trajets vers et depuis les h\u00f4tels, les gares, les ports ou les lieux touristiques embl\u00e9matiques de la r\u00e9gion.<\/li>\n<li><strong>Prix fixes et transparents<\/strong> : Pas de mauvaise surprise ! Nos tarifs sont annonc\u00e9s \u00e0 l&rsquo;avance et restent fixes, m\u00eame en cas d&#8217;embouteillages.<\/li>\n<\/ul>\n<\/div>\n                <\/div>\n                            <\/div>\n            <div class=\"col-2 max-343\">\n                                                    <img class=\"null\" alt=\"Quelques maisons, secteur immobilier, Fr\u00e9jus\" \n                        width=\"992\"\n                        height=\"1256\"\n                        srcset=\"https:\/\/connect-smartdrive.com\/app\/uploads\/2025\/04\/ville-de-frejus-768x972.webp 768w, https:\/\/connect-smartdrive.com\/app\/uploads\/2025\/04\/ville-de-frejus-172x218.webp 172w, https:\/\/connect-smartdrive.com\/app\/uploads\/2025\/04\/ville-de-frejus-343x434.webp 343w, https:\/\/connect-smartdrive.com\/app\/uploads\/2025\/04\/ville-de-frejus-480x608.webp 480w, https:\/\/connect-smartdrive.com\/app\/uploads\/2025\/04\/ville-de-frejus.webp 992w\" \n                        sizes=\"(max-width: 768px) 100vw, \n                            50vw\">\n                            <\/div>\n        <\/div>\n            <\/div>\n    <\/section>\n\n\n\n<section class=\"sec-c-content-columns section-pt-8 section-pb-8 section-grey  section-70 \">\n    <div class=\"container\">\n                        <div class=\"row-50-50  content\">\n            <div class=\"col-1 max-311\">\n                <div class=\"headline\">\n                                            <h2 >L\u2019\u00e9t\u00e9 : une saison o\u00f9 votre VTC devient indispensable<\/h2>\n                                        <div class=\"description\"><p>En p\u00e9riode estivale, Saint-Rapha\u00ebl voit affluer des milliers de touristes venus profiter des plages et des activit\u00e9s nautiques. La circulation devient dense, les transports en commun sont bond\u00e9s, et trouver un taxi disponible rel\u00e8ve souvent du parcours du combattant. Opter pour un VTC est alors la solution id\u00e9ale pour plusieurs raisons :<\/p>\n<ul>\n<li><strong>Un gain de temps consid\u00e9rable<\/strong> : Nos chauffeurs connaissent parfaitement les itin\u00e9raires optimaux pour \u00e9viter les bouchons et vous amener \u00e0 bon port sans stress.<\/li>\n<li><strong>Un confort in\u00e9gal\u00e9<\/strong> : Apr\u00e8s un vol ou une journ\u00e9e \u00e0 la plage, profitez d\u2019un v\u00e9hicule climatis\u00e9 et tout confort pour vous d\u00e9poser \u00e0 votre h\u00f4tel ou votre r\u00e9sidence.<\/li>\n<li><strong>Une alternative aux transports en commun<\/strong> : Plus besoin d\u2019attendre sous la chaleur, nous venons vous chercher \u00e0 l\u2019a\u00e9roport ou \u00e0 la gare \u00e0 l\u2019heure convenue.<\/li>\n<li><strong>Des services personnalis\u00e9s<\/strong> : Si vous voyagez avec des bagages volumineux, des enfants ou des animaux, nous adaptons nos services \u00e0 vos besoins.<\/li>\n<\/ul>\n<\/div>\n                <\/div>\n                            <\/div>\n            <div class=\"col-2 max-343\">\n                                                    <img class=\"null\" alt=\"Une des plages de Saint Rapha\u00ebl\" \n                        width=\"992\"\n                        height=\"1323\"\n                        srcset=\"https:\/\/connect-smartdrive.com\/app\/uploads\/2025\/03\/plage-sud-france-saint-raphael-768x1024.webp 768w, https:\/\/connect-smartdrive.com\/app\/uploads\/2025\/03\/plage-sud-france-saint-raphael-172x229.webp 172w, https:\/\/connect-smartdrive.com\/app\/uploads\/2025\/03\/plage-sud-france-saint-raphael-343x457.webp 343w, https:\/\/connect-smartdrive.com\/app\/uploads\/2025\/03\/plage-sud-france-saint-raphael-480x640.webp 480w, https:\/\/connect-smartdrive.com\/app\/uploads\/2025\/03\/plage-sud-france-saint-raphael.webp 992w\" \n                        sizes=\"(max-width: 768px) 100vw, \n                            50vw\">\n                            <\/div>\n        <\/div>\n            <\/div>\n    <\/section>\n\n\n\n<section class=\"sec-c-content-columns section-pt-8 section-pb-8 section-grey  section-70 section-reverse \">\n    <div class=\"container\">\n                        <div class=\"row-50-50  content\">\n            <div class=\"col-1 max-311\">\n                <div class=\"headline\">\n                                            <h2 >Pourquoi choisir notre service VTC pour vos trajets Nice &#8211; Saint-Rapha\u00ebl ?<\/h2>\n                                        <div class=\"description\"><p>Nous mettons un point d\u2019honneur \u00e0 offrir une exp\u00e9rience de transport premium. Nos chauffeurs sont professionnels, discrets et bilingues (fran\u00e7ais\/anglais), garantissant un accueil chaleureux et une conduite agr\u00e9able.<\/p>\n<p>Nos v\u00e9hicules sont r\u00e9cents, spacieux et \u00e9quip\u00e9s de toutes les commodit\u00e9s pour rendre votre trajet des plus agr\u00e9ables : connexion Wi-Fi, bouteilles d\u2019eau, chargeurs pour vos appareils, et bien plus encore.<\/p>\n<p>De plus, notre syst\u00e8me de r\u00e9servation en ligne vous permet de pr\u00e9voir votre trajet en quelques clics, avec la garantie d\u2019une prise en charge rapide et fiable.<\/p>\n<\/div>\n                <\/div>\n                            <\/div>\n            <div class=\"col-2 max-343\">\n                                                    <img class=\"null\" alt=\"Nice, la C\u00f4te d'Azur\" \n                        width=\"992\"\n                        height=\"1323\"\n                        srcset=\"https:\/\/connect-smartdrive.com\/app\/uploads\/2024\/06\/nice-cote-d-azur-2-768x1024.webp 768w, https:\/\/connect-smartdrive.com\/app\/uploads\/2024\/06\/nice-cote-d-azur-2-172x229.webp 172w, https:\/\/connect-smartdrive.com\/app\/uploads\/2024\/06\/nice-cote-d-azur-2-343x457.webp 343w, https:\/\/connect-smartdrive.com\/app\/uploads\/2024\/06\/nice-cote-d-azur-2-480x640.webp 480w, https:\/\/connect-smartdrive.com\/app\/uploads\/2024\/06\/nice-cote-d-azur-2.webp 992w\" \n                        sizes=\"(max-width: 768px) 100vw, \n                            50vw\">\n                            <\/div>\n        <\/div>\n            <\/div>\n    <\/section>\n\n\n<section class=\"sec-d-content-column section-pt-8 section-pb-8 section-70 section-light \">\n    <div class=\"container\">\n                            <div class=\"image max-343\">\n                                <img alt=\"Professional Driver Booking, H24\/7 Private Drivers\" srcset=\"https:\/\/connect-smartdrive.com\/app\/uploads\/2024\/06\/connect-smart-drive-professionnels-support-1280x853.webp 1280w, https:\/\/connect-smartdrive.com\/app\/uploads\/2024\/06\/connect-smart-drive-professionnels-support-172x115.webp 172w, https:\/\/connect-smartdrive.com\/app\/uploads\/2024\/06\/connect-smart-drive-professionnels-support-343x229.webp 343w, https:\/\/connect-smartdrive.com\/app\/uploads\/2024\/06\/connect-smart-drive-professionnels-support-480x320.webp 480w, https:\/\/connect-smartdrive.com\/app\/uploads\/2024\/06\/connect-smart-drive-professionnels-support-768x512.webp 768w, https:\/\/connect-smartdrive.com\/app\/uploads\/2024\/06\/connect-smart-drive-professionnels-support.webp 1920w\" sizes=\"100vw\">\n            <\/div>\n                <div class=\"content max-311\">\n            <div class=\"container\">\n                <div class=\"headline\">\n                                            <h2>R\u00e9servez votre VTC en toute simplicit\u00e9<\/h2>\n                                        <div class=\"description\"><p>Ne perdez plus de temps \u00e0 chercher un transport. Que vous partiez pour un s\u00e9jour touristique ou un rendez-vous professionnel, notre service VTC entre Nice et Saint-Rapha\u00ebl vous assure un d\u00e9placement en toute tranquillit\u00e9.<\/p>\n<p>Contactez-nous d\u00e8s aujourd\u2019hui pour r\u00e9server votre trajet et profitez d\u2019un service haut de gamme, personnalis\u00e9 et sans surprise.<\/p>\n<\/div>\n                <\/div>\n                                    <div class=\"buttons\">\n                                                    <a href=\"#modal-contact\" class=\"cta\">Nous contacter<\/a>\n                                                                    <\/div>\n                            <\/div>\n        <\/div>\n<\/section>\n\n\n<section class=\"sec-e-content-columns section-pt-8 section-grey  section-70 \">\n    <div class=\"container max-311\">\n        <div class=\"headline\">\n            <h2 class=\"title \">Votre satisfaction est notre priorit\u00e9<\/h2>\n        <\/div>\n        <div class=\"content row-50-50\">\n            <div class=\"col-1\">\n                <div class=\"image\">\n                                                                <img decoding=\"async\" alt=\"5 stars\" src=\"https:\/\/connect-smartdrive.com\/app\/uploads\/2024\/05\/five-stars.svg\">\n                                    <\/div>\n                                    <div class=\"text h4\">Nos chauffeurs VTC vous garantissent un service irr\u00e9prochable<\/div>\n                            <\/div>\n            <div class=\"col-2 \">\n                <div><p>Nos chauffeurs VTC sont d\u00e9di\u00e9s \u00e0 fournir un service irr\u00e9prochable, alliant confort, ponctualit\u00e9 et s\u00e9curit\u00e9. Profitez d\u2019un trajet sans stress et d\u2019une exp\u00e9rience client exceptionnelle, que ce soit pour vos d\u00e9placements professionnels ou personnels. R\u00e9servez d\u00e8s maintenant pour un voyage en toute tranquillit\u00e9 avec Connect Smart Drive.<\/p>\n<\/div>\n                                    <a href=\"#booking\" class=\"cta\">R\u00e9server une course<\/a>\n                            <\/div>\n        <\/div>\n    <\/div>\n<\/section>","protected":false},"template":"","meta":{"_acf_changed":true},"city":[13],"class_list":["post-1674","city-service","type-city-service","status-publish","hentry"],"acf":[],"_links":{"self":[{"href":"https:\/\/connect-smartdrive.com\/fr\/wp-json\/wp\/v2\/city-service\/1674","targetHints":{"allow":["GET"]}}],"collection":[{"href":"https:\/\/connect-smartdrive.com\/fr\/wp-json\/wp\/v2\/city-service"}],"about":[{"href":"https:\/\/connect-smartdrive.com\/fr\/wp-json\/wp\/v2\/types\/city-service"}],"wp:attachment":[{"href":"https:\/\/connect-smartdrive.com\/fr\/wp-json\/wp\/v2\/media?parent=1674"}],"wp:term":[{"taxonomy":"city","embeddable":true,"href":"https:\/\/connect-smartdrive.com\/fr\/wp-json\/wp\/v2\/city?post=1674"}],"curies":[{"name":"wp","href":"https:\/\/api.w.org\/{rel}","templated":true}]}}