{"id":1698,"date":"2025-04-04T17:04:48","date_gmt":"2025-04-04T17:04:48","guid":{"rendered":"https:\/\/www.connect-smartdrive.com\/?post_type=city-service&#038;p=1698"},"modified":"2025-05-14T13:07:43","modified_gmt":"2025-05-14T13:07:43","slug":"vtc-nice-frejus","status":"publish","type":"city-service","link":"https:\/\/connect-smartdrive.com\/fr\/vtc-nice-frejus\/","title":{"rendered":"VTC Nice &#8211; Fr\u00e9jus"},"content":{"rendered":"<section id=\"booking\" class=\"sec-a-hero sec-a-page section-dark section-pattern section-60 \">\n    <div class=\"container\">\n                <div class=\"col-1 content\">\n            <h1 class=\"title max-343\">VTC Nice &#8211; Fr\u00e9jus : notre service haut de gamme<\/h1>\n            <div class=\"max-343\"><p>Voyager entre Nice et Fr\u00e9jus n\u2019a jamais \u00e9t\u00e9 aussi agr\u00e9able avec Connect Smart Drive. Que vous soyez un touriste en qu\u00eate de d\u00e9tente sur la C\u00f4te d\u2019Azur ou un investisseur attir\u00e9 par le dynamisme immobilier de Fr\u00e9jus, nous vous offrons une exp\u00e9rience de transport in\u00e9dite au coeur de nos v\u00e9hicules luxueux.<\/p>\n<p>Nos chauffeurs professionnels vous garantissent une prestation sur-mesure synonyme de confort, de s\u00e9curit\u00e9 et d\u2019exclusivit\u00e9. Tout ce dont vous aurez besoin pour parcourir la C\u00f4te d\u2019Azur \u00e0 votre aise.<\/p>\n<\/div>\n        <\/div>\n        <div class=\"col-2\">\n            <div class=\"booking-form max-343 page will-glow\">\n    <label hidden=\"\" class=\"input-hidden-lang\" data-lang=\"fr\"><\/label>\n    <div class=\"inputs\">\n                <div id=\"startPoint\" class=\"input-container input-container-text\">\n            <label>\n                <i class=\"icon s1 i-csd-startpoint\"><\/i>\n                <input type=\"text\" id=\"fromTextField\" placeholder=\"Adresse de d\u00e9part\" value=\"Nice\" class=\"pac-target-input\" autocomplete=\"off\">\n            <\/label>\n        <\/div>\n                <div id=\"swapPoints\" class=\"input-swap\">\n            <i class=\"icon s1 i-o-swap-vertical\"><\/i>\n        <\/div>\n                        <div id=\"endPoint\" class=\"input-container input-container-text\">\n            <label>\n                <i class=\"icon s1 i-csd-flag-checkered\"><\/i>\n                <input type=\"text\" id=\"toTextField\" placeholder=\"Adresse d'arriv\u00e9e\" value=\"Fr\u00e9jus\" class=\"pac-target-input\" autocomplete=\"off\">\n            <\/label>\n        <\/div>\n            <\/div>\n    <a id=\"viewPricesButton\" class=\"cta\" href=\"https:\/\/booking.connect-smartdrive.com\/fr\">Voir les prix<\/a>\n<\/div>\n\n        <\/div>\n            <\/div>\n<\/section>\n\n\n\n<section class=\"sec-c-content-columns section-pt-8 section-pb-8 section-light  section-70 \">\n    <div class=\"container\">\n                        <div class=\"row-50-50  content\">\n            <div class=\"col-1 max-311\">\n                <div class=\"headline\">\n                                            <h2 >R\u00e9server notre service VTC pour profiter de la saison estivale sur Fr\u00e9jus<\/h2>\n                                        <div class=\"description\"><p>L&rsquo;\u00e9t\u00e9 est la p\u00e9riode phare sur la C\u00f4te d&rsquo;Azur.. Fr\u00e9jus offre un m\u00e9lange parfait entre patrimoine historique et stations baln\u00e9aires pris\u00e9es. Nos services de VTC s&rsquo;adaptent \u00e0 cette forte demande en proposant des trajets fluides et confortables au d\u00e9part de Nice. En effet, avec des billets d\u2019avion tr\u00e8s attractifs \u00e0 l\u2019arriv\u00e9e su Nice, il vous suffit donc de r\u00e9server notre service pour atteindre votre station baln\u00e9aire favorite dans le cadre du tourisme d\u2019\u00e9t\u00e9.<\/p>\n<p>Ainsi, nos chauffeurs priv\u00e9s sont form\u00e9s pour r\u00e9pondre aux exigences des touristes exigeants. Qu&rsquo;il s&rsquo;agisse de transferts <a href=\"https:\/\/www.connect-smartdrive.com\/fr\/vtc-nice-saint-raphael\/\">vers les plages de Saint-Rapha\u00ebl<\/a>, les ports de plaisance ou les restaurants gastronomiques, nous assurons des trajets optimis\u00e9s avec des v\u00e9hicules haut de gamme, \u00e9quip\u00e9s pour votre plus grand confort.<\/p>\n<\/div>\n                <\/div>\n                                <div class=\"buttons\">\n                                            <a href=\"#booking\" class=\"cta\">R\u00e9server mon transfert vers Fr\u00e9jus<\/a>\n                                                        <\/div>\n                            <\/div>\n            <div class=\"col-2 max-343\">\n                                                    <img class=\"null\" alt=\"Le port de Fr\u00e9jus\" \n                        width=\"992\"\n                        height=\"1323\"\n                        srcset=\"https:\/\/connect-smartdrive.com\/app\/uploads\/2025\/04\/port-de-frejus-768x1024.webp 768w, https:\/\/connect-smartdrive.com\/app\/uploads\/2025\/04\/port-de-frejus-172x229.webp 172w, https:\/\/connect-smartdrive.com\/app\/uploads\/2025\/04\/port-de-frejus-343x457.webp 343w, https:\/\/connect-smartdrive.com\/app\/uploads\/2025\/04\/port-de-frejus-480x640.webp 480w, https:\/\/connect-smartdrive.com\/app\/uploads\/2025\/04\/port-de-frejus.webp 992w\" \n                        sizes=\"(max-width: 768px) 100vw, \n                            50vw\">\n                            <\/div>\n        <\/div>\n            <\/div>\n    <\/section>\n\n\n\n<section class=\"sec-c-content-columns section-pt-8 section-pb-8 section-pink section-60 \">\n    <div class=\"container\">\n                        <div class=\"row-48-39  content\">\n            <div class=\"col-1 max-311\">\n                <div class=\"headline\">\n                                            <h2 class=\"h1\" >R\u00e9servez en obtenant notre application<\/h2>\n                                        <div class=\"description\"><p>Avec l\u2019application Connect Smart Drive, r\u00e9server un VTC \u00e0 Nice n\u2019a jamais \u00e9t\u00e9 aussi simple. En quelques clics, vous pouvez organiser vos d\u00e9placements, s\u00e9lectionner le v\u00e9hicule qui r\u00e9pond le mieux \u00e0 vos besoins et recevoir une confirmation imm\u00e9diate de votre r\u00e9servation. De plus, nos services flexibles vous offrent la possibilit\u00e9 d\u2019ajuster votre trajet \u00e0 tout moment.<\/p>\n<\/div>\n                <\/div>\n                                <div class=\"buttons\">\n                                            <a href=\"#modal-app\" class=\"cta\">Obtenir l&rsquo;application<\/a>\n                                                        <\/div>\n                            <\/div>\n            <div class=\"col-2 max-343\">\n                                                    <img class=\"image-style-handphone\" alt=\"Book a Private Driver with Connect Smart Drive\" \n                        width=\"890\"\n                        height=\"902\"\n                        srcset=\"https:\/\/connect-smartdrive.com\/app\/uploads\/2024\/05\/connect-smart-drive-services-vtc-prives-768x778.webp 768w, https:\/\/connect-smartdrive.com\/app\/uploads\/2024\/05\/connect-smart-drive-services-vtc-prives-172x174.webp 172w, https:\/\/connect-smartdrive.com\/app\/uploads\/2024\/05\/connect-smart-drive-services-vtc-prives-343x348.webp 343w, https:\/\/connect-smartdrive.com\/app\/uploads\/2024\/05\/connect-smart-drive-services-vtc-prives-480x486.webp 480w, https:\/\/connect-smartdrive.com\/app\/uploads\/2024\/05\/connect-smart-drive-services-vtc-prives.webp 890w\" \n                        sizes=\"(max-width: 768px) 100vw, \n                            50vw\">\n                            <\/div>\n        <\/div>\n            <\/div>\n    <\/section>\n\n\n\n<section class=\"sec-c-content-columns section-pt-8 section-pb-8 section-grey  section-70 \">\n    <div class=\"container\">\n                        <div class=\"row-50-50  content\">\n            <div class=\"col-1 max-311\">\n                <div class=\"headline\">\n                                            <h2 >Profitez d\u2019un transport premium pour vous accompagner au coeur de vos investissements immobiliers<\/h2>\n                                        <div class=\"description\"><p>Au-del\u00e0 du tourisme, Fr\u00e9jus attire un nombre croissant d&rsquo;hommes d&rsquo;affaires int\u00e9ress\u00e9s par son march\u00e9 immobilier en plein essor. Avec un cadre de vie privil\u00e9gi\u00e9 et un bassin \u00e9conomique en expansion, la r\u00e9gion est propice aux investissements dans le r\u00e9sidentiel et le commercial.\nVous pouvez donc nous solliciter pour ce trajet ou la ville voisine de Fr\u00e9jus. Pensez \u00e0 r\u00e9server \u00e0 l\u2019avance pour que le prix de votre trajet reste attractif tout en choisissant le v\u00e9hicule ad\u00e9quat. <\/p>\n<p>Nos services VTC s&rsquo;adressent aux investisseurs, promoteurs et entrepreneurs qui souhaitent d\u00e9couvrir les opportunit\u00e9s locales tout en profitant d&rsquo;un transport premium. Nous proposons des transferts depuis l&rsquo;a\u00e9roport de Nice jusqu&rsquo;\u00e0 Fr\u00e9jus et ses environs avec la possibilit\u00e9 d&rsquo;organiser des trajets sur-mesure pour visiter des biens immobiliers, rencontrer des partenaires commerciaux ou assister \u00e0 des \u00e9v\u00e9nements d&rsquo;affaires.<\/p>\n<p>Nos chauffeurs, ponctuels et discrets, vous assurent donc un environnement de travail mobile.<\/p>\n<\/div>\n                <\/div>\n                            <\/div>\n            <div class=\"col-2 max-343\">\n                                                    <img class=\"null\" alt=\"Quelques maisons, secteur immobilier, Fr\u00e9jus\" \n                        width=\"992\"\n                        height=\"1256\"\n                        srcset=\"https:\/\/connect-smartdrive.com\/app\/uploads\/2025\/04\/ville-de-frejus-768x972.webp 768w, https:\/\/connect-smartdrive.com\/app\/uploads\/2025\/04\/ville-de-frejus-172x218.webp 172w, https:\/\/connect-smartdrive.com\/app\/uploads\/2025\/04\/ville-de-frejus-343x434.webp 343w, https:\/\/connect-smartdrive.com\/app\/uploads\/2025\/04\/ville-de-frejus-480x608.webp 480w, https:\/\/connect-smartdrive.com\/app\/uploads\/2025\/04\/ville-de-frejus.webp 992w\" \n                        sizes=\"(max-width: 768px) 100vw, \n                            50vw\">\n                            <\/div>\n        <\/div>\n            <\/div>\n    <\/section>\n\n\n<section class=\"sec-e-content-columns section-pt-8 section-light  section-70 \">\n    <div class=\"container max-311\">\n        <div class=\"headline\">\n            <h2 class=\"title \">Votre satisfaction est notre priorit\u00e9<\/h2>\n        <\/div>\n        <div class=\"content row-50-50\">\n            <div class=\"col-1\">\n                <div class=\"image\">\n                                                                <img decoding=\"async\" alt=\"5 stars\" src=\"https:\/\/connect-smartdrive.com\/app\/uploads\/2024\/05\/five-stars.svg\">\n                                    <\/div>\n                                    <div class=\"text h4\">Nos chauffeurs VTC vous garantissent un service irr\u00e9prochable<\/div>\n                            <\/div>\n            <div class=\"col-2 \">\n                <div><p>Nos chauffeurs VTC sont d\u00e9di\u00e9s \u00e0 fournir un service irr\u00e9prochable, alliant confort, ponctualit\u00e9 et s\u00e9curit\u00e9. Profitez d\u2019un trajet sans stress et d\u2019une exp\u00e9rience client exceptionnelle, que ce soit pour vos d\u00e9placements professionnels ou personnels. R\u00e9servez d\u00e8s maintenant pour un voyage en toute tranquillit\u00e9 avec Connect Smart Drive.<\/p>\n<\/div>\n                                    <a href=\"#booking\" class=\"cta\">R\u00e9server une course<\/a>\n                            <\/div>\n        <\/div>\n    <\/div>\n<\/section>","protected":false},"template":"","meta":{"_acf_changed":true},"city":[13],"class_list":["post-1698","city-service","type-city-service","status-publish","hentry"],"acf":[],"_links":{"self":[{"href":"https:\/\/connect-smartdrive.com\/fr\/wp-json\/wp\/v2\/city-service\/1698","targetHints":{"allow":["GET"]}}],"collection":[{"href":"https:\/\/connect-smartdrive.com\/fr\/wp-json\/wp\/v2\/city-service"}],"about":[{"href":"https:\/\/connect-smartdrive.com\/fr\/wp-json\/wp\/v2\/types\/city-service"}],"wp:attachment":[{"href":"https:\/\/connect-smartdrive.com\/fr\/wp-json\/wp\/v2\/media?parent=1698"}],"wp:term":[{"taxonomy":"city","embeddable":true,"href":"https:\/\/connect-smartdrive.com\/fr\/wp-json\/wp\/v2\/city?post=1698"}],"curies":[{"name":"wp","href":"https:\/\/api.w.org\/{rel}","templated":true}]}}